{"version":"1.0","provider_name":"Alume","provider_url":"https:\/\/alume.org\/es\/","author_name":"comunicacion","author_url":"https:\/\/alume.org\/es\/author\/comunicacion\/","title":"D\u00eda Mundial de la Salud Mental 2020 - Alume","type":"rich","width":600,"height":338,"html":"<blockquote class=\"wp-embedded-content\" data-secret=\"PdTJYsKGJ2\"><a href=\"https:\/\/alume.org\/es\/dia-mundial-de-la-salud-mental-2020\/\">D\u00eda Mundial de la Salud Mental 2020<\/a><\/blockquote><iframe sandbox=\"allow-scripts\" security=\"restricted\" src=\"https:\/\/alume.org\/es\/dia-mundial-de-la-salud-mental-2020\/embed\/#?secret=PdTJYsKGJ2\" width=\"600\" height=\"338\" title=\"\u00abD\u00eda Mundial de la Salud Mental 2020\u00bb \u2014 Alume\" data-secret=\"PdTJYsKGJ2\" frameborder=\"0\" marginwidth=\"0\" marginheight=\"0\" scrolling=\"no\" class=\"wp-embedded-content\"><\/iframe><script type=\"text\/javascript\">\n\/* <![CDATA[ *\/\n\/*! This file is auto-generated *\/\n!function(d,l){\"use strict\";l.querySelector&&d.addEventListener&&\"undefined\"!=typeof URL&&(d.wp=d.wp||{},d.wp.receiveEmbedMessage||(d.wp.receiveEmbedMessage=function(e){var t=e.data;if((t||t.secret||t.message||t.value)&&!\/[^a-zA-Z0-9]\/.test(t.secret)){for(var s,r,n,a=l.querySelectorAll('iframe[data-secret=\"'+t.secret+'\"]'),o=l.querySelectorAll('blockquote[data-secret=\"'+t.secret+'\"]'),c=new RegExp(\"^https?:$\",\"i\"),i=0;i<o.length;i++)o[i].style.display=\"none\";for(i=0;i<a.length;i++)s=a[i],e.source===s.contentWindow&&(s.removeAttribute(\"style\"),\"height\"===t.message?(1e3<(r=parseInt(t.value,10))?r=1e3:~~r<200&&(r=200),s.height=r):\"link\"===t.message&&(r=new URL(s.getAttribute(\"src\")),n=new URL(t.value),c.test(n.protocol))&&n.host===r.host&&l.activeElement===s&&(d.top.location.href=t.value))}},d.addEventListener(\"message\",d.wp.receiveEmbedMessage,!1),l.addEventListener(\"DOMContentLoaded\",function(){for(var e,t,s=l.querySelectorAll(\"iframe.wp-embedded-content\"),r=0;r<s.length;r++)(t=(e=s[r]).getAttribute(\"data-secret\"))||(t=Math.random().toString(36).substring(2,12),e.src+=\"#?secret=\"+t,e.setAttribute(\"data-secret\",t)),e.contentWindow.postMessage({message:\"ready\",secret:t},\"*\")},!1)))}(window,document);\n\/\/# sourceURL=https:\/\/alume.org\/wp-includes\/js\/wp-embed.min.js\n\/* ]]> *\/\n<\/script>\n","thumbnail_url":"https:\/\/alume.org\/wp-content\/uploads\/2020\/11\/Ej9s0V9XsAA7ETL.jpg","thumbnail_width":2016,"thumbnail_height":1512,"description":"Este a\u00f1o, por el COVID-19, no hemos podido realizar nuestra tradicional celebraci\u00f3n, ni hemos podido participar en la pulpada aprovechando el San Froil\u00e1n, pero la buena noticia es que nos mantenemos sin casos positivos. En cambio hemos participado de forma online en las actividades organizadas por nuestra confederaci\u00f3n, y entre otras cosas, contribuimos a mantener [&hellip;]"}