{"version":"1.0","provider_name":"Alume","provider_url":"https:\/\/alume.org\/es\/","author_name":"alume","author_url":"https:\/\/alume.org\/es\/author\/alume\/","title":"Una puerta hacia la inclusi\u00f3n laboral - Alume","type":"rich","width":600,"height":338,"html":"<blockquote class=\"wp-embedded-content\" data-secret=\"SOm1P9x53l\"><a href=\"https:\/\/alume.org\/es\/una-puerta-hacia-la-inclusion-laboral-3\/\">Una puerta hacia la inclusi\u00f3n laboral<\/a><\/blockquote><iframe sandbox=\"allow-scripts\" security=\"restricted\" src=\"https:\/\/alume.org\/es\/una-puerta-hacia-la-inclusion-laboral-3\/embed\/#?secret=SOm1P9x53l\" width=\"600\" height=\"338\" title=\"\u00abUna puerta hacia la inclusi\u00f3n laboral\u00bb \u2014 Alume\" data-secret=\"SOm1P9x53l\" frameborder=\"0\" marginwidth=\"0\" marginheight=\"0\" scrolling=\"no\" class=\"wp-embedded-content\"><\/iframe><script type=\"text\/javascript\">\n\/* <![CDATA[ *\/\n\/*! This file is auto-generated *\/\n!function(d,l){\"use strict\";l.querySelector&&d.addEventListener&&\"undefined\"!=typeof URL&&(d.wp=d.wp||{},d.wp.receiveEmbedMessage||(d.wp.receiveEmbedMessage=function(e){var t=e.data;if((t||t.secret||t.message||t.value)&&!\/[^a-zA-Z0-9]\/.test(t.secret)){for(var s,r,n,a=l.querySelectorAll('iframe[data-secret=\"'+t.secret+'\"]'),o=l.querySelectorAll('blockquote[data-secret=\"'+t.secret+'\"]'),c=new RegExp(\"^https?:$\",\"i\"),i=0;i<o.length;i++)o[i].style.display=\"none\";for(i=0;i<a.length;i++)s=a[i],e.source===s.contentWindow&&(s.removeAttribute(\"style\"),\"height\"===t.message?(1e3<(r=parseInt(t.value,10))?r=1e3:~~r<200&&(r=200),s.height=r):\"link\"===t.message&&(r=new URL(s.getAttribute(\"src\")),n=new URL(t.value),c.test(n.protocol))&&n.host===r.host&&l.activeElement===s&&(d.top.location.href=t.value))}},d.addEventListener(\"message\",d.wp.receiveEmbedMessage,!1),l.addEventListener(\"DOMContentLoaded\",function(){for(var e,t,s=l.querySelectorAll(\"iframe.wp-embedded-content\"),r=0;r<s.length;r++)(t=(e=s[r]).getAttribute(\"data-secret\"))||(t=Math.random().toString(36).substring(2,12),e.src+=\"#?secret=\"+t,e.setAttribute(\"data-secret\",t)),e.contentWindow.postMessage({message:\"ready\",secret:t},\"*\")},!1)))}(window,document);\n\/\/# sourceURL=https:\/\/alume.org\/wp-includes\/js\/wp-embed.min.js\n\/* ]]> *\/\n<\/script>\n","thumbnail_url":"https:\/\/alume.org\/wp-content\/uploads\/2015\/10\/P90900112.jpg","thumbnail_width":1024,"thumbnail_height":768,"description":"Los alumnos del curso de jardiner\u00eda de Alume comienzan el periodo de pr\u00e1cticas en empresas p\u00fablicas y privadas del sector. Culmina as\u00ed un intenso periodo formativo de varios meses de duraci\u00f3n. Doce alumnos del curso de jardiner\u00eda que se ha venido impartiendo en Alume, entre los meses de abril y junio, culminaron este perido formativo [&hellip;]"}