{"id":7721,"date":"2015-10-07T16:37:13","date_gmt":"2015-10-07T16:37:13","guid":{"rendered":"https:\/\/w.alume.org\/estatutos\/"},"modified":"2023-06-20T12:53:59","modified_gmt":"2023-06-20T10:53:59","slug":"estatutos","status":"publish","type":"page","link":"https:\/\/alume.org\/es\/estatutos\/","title":{"rendered":"Estatutos"},"content":{"rendered":"<div id=\"tdi_1\" class=\"tdc-zone\"><div class=\"tdc_zone tdi_2  wpb_row td-pb-row\"  >\n<style scoped>\n\/* custom css - generated by TagDiv Composer *\/\n\n\/* custom css - generated by TagDiv Composer *\/\n.tdi_2{\r\n                    min-height: 0;\r\n                }\n<\/style><div id=\"tdi_3\" class=\"tdc-row stretch_row_content td-stretch-content\"><div class=\"vc_row tdi_4  wpb_row td-pb-row tdc-element-style\" >\n<style scoped>\n\/* custom css - generated by TagDiv Composer *\/\n\n\/* custom css - generated by TagDiv Composer *\/\n.tdi_4,\r\n                .tdi_4 .tdc-columns{\r\n                    min-height: 0;\r\n                }.tdi_4,\r\n\t\t\t\t.tdi_4 .tdc-columns{\r\n\t\t\t\t    display: block;\r\n\t\t\t\t}.tdi_4 .tdc-columns{\r\n\t\t\t\t    width: 100%;\r\n\t\t\t\t}.tdi_4:before,\r\n\t\t\t\t.tdi_4:after{\r\n\t\t\t\t    display: table;\r\n\t\t\t\t}\n\/* inline tdc_css att - generated by TagDiv Composer *\/\n\n.tdi_4{\nposition:relative;\n}\n\n.tdi_4 .td_block_wrap{ text-align:left }\n\n<\/style>\n<div class=\"tdi_3_rand_style td-element-style\" ><div class=\"td-element-style-before\"><style>\n\/* custom css - generated by TagDiv Composer *\/\n\n.tdi_3_rand_style > .td-element-style-before {\ncontent:'' !important;\nwidth:100% !important;\nheight:100% !important;\nposition:absolute !important;\ntop:0 !important;\nleft:0 !important;\ndisplay:block !important;\nz-index:0 !important;\nbackground-position:center center !important;\nbackground-size:cover !important;\n}\n<\/style><\/div><\/div><div class=\"vc_column tdi_6  wpb_column vc_column_container tdc-column td-pb-span12\">\n<style scoped>\n\/* custom css - generated by TagDiv Composer *\/\n\n\/* custom css - generated by TagDiv Composer *\/\n.tdi_6{\r\n                    vertical-align: baseline;\r\n                }.tdi_6 > .wpb_wrapper,\r\n\t\t\t\t.tdi_6 > .wpb_wrapper > .tdc-elements{\r\n\t\t\t\t    display: block;\r\n\t\t\t\t}.tdi_6 > .wpb_wrapper > .tdc-elements{\r\n\t\t\t\t    width: 100%;\r\n\t\t\t\t}.tdi_6 > .wpb_wrapper > .vc_row_inner{\r\n\t\t\t\t    width: auto;\r\n\t\t\t\t}.tdi_6 > .wpb_wrapper{\r\n\t\t\t\t    width: auto;\r\n\t\t\t\t    height: auto;\r\n\t\t\t\t}\n<\/style><div class=\"wpb_wrapper\" ><div class=\"tdm_block td_block_wrap tdm_block_hero tdi_7 tdm-content-horiz-center tdm-content-vert-center td-pb-border-top td_block_template_1 tdm_white_text  tdm-mobile-full td-fix-index\"  data-td-block-uid=\"tdi_7\" >\n<style>\n\n\/* inline tdc_css att - generated by TagDiv Composer *\/\n\n.tdi_7{\npadding-top:20px !important;\npadding-bottom:0px !important;\n}\n\n\/* landscape *\/\n@media (min-width: 1019px) and (max-width: 1140px)\n{\n.tdi_7{\npadding-right:20px !important;\npadding-left:20px !important;\n}\n}\n\n\/* portrait *\/\n@media (min-width: 768px) and (max-width: 1018px)\n{\n.tdi_7{\npadding-right:20px !important;\npadding-left:20px !important;\n}\n}\n\n\/* phone *\/\n@media (max-width: 767px)\n{\n.tdi_7{\npadding-right:20px !important;\npadding-left:20px !important;\n}\n}\n\n<\/style>\n<style>\n\/* custom css - generated by TagDiv Composer *\/\n.tdm_block_hero{\r\n                  -webkit-transform: translateZ(0);\r\n                  transform: translateZ(0);\r\n                }.tdm_block_hero:after{\r\n                  content: '';\r\n                  position: absolute;\r\n                  top: 0;\r\n                  left: 0;\r\n                  width: 100%;\r\n                  height: 100%;\r\n                  z-index: -1;\r\n                }.tdm_block_hero .td-block-row{\r\n                  position: relative;\r\n                  height: 600px;\r\n                }.tdm_block_hero.tdm-full-height .td-block-row{\r\n                  height: 100vh !important;\r\n                }.tdm_block_hero .tdm-text-wrap{\r\n                  margin: 40px 0;\r\n                }.tdm_block_hero .tdm-descr{\r\n                  margin-bottom: 0;\r\n                }.tdm_block_hero .tdm-buttons-wrap{\r\n                  margin: 31px -10px 0;\r\n                }.tdm_block_hero .tds-button{\r\n                  display: inline-block;\r\n                  margin-bottom: 10px;\r\n                }.tdm_block_hero .td-block-span12{\r\n                  position: absolute;\r\n                  top: 0;\r\n                  left: 0;\r\n                  width: 100%;\r\n                }.tdm_block_hero .tdm-title{\r\n                  margin-top: 0;\r\n                }.tdm_block_hero.tdm-content-vert-center .td-block-span12{\r\n                  top: 50%;\r\n                  -webkit-transform: translateY(-50%);\r\n                  transform: translateY(-50%);\r\n                }.tdm_block_hero.tdm-content-vert-bottom .td-block-span12{\r\n                  top: auto;\r\n                  bottom: 0;\r\n                }.tdm_block_hero .tdm-btn{\r\n                  margin-left: 10px;\r\n                  margin-right: 10px;\r\n                }.tdm_block_hero .tdm-btn:not(.tds-button2){\r\n                  -webkit-transform: none;\r\n                  transform: none;\r\n                }.tdi_7 .td-block-width{\r\n                    max-width: 100%;\r\n                }.tdi_7 .td-block-row{\r\n                    height: 150px;\r\n                }body .tdi_7:after{\r\n\t\t\t\t\tbackground: -webkit-linear-gradient(-90deg,#70e7ff,rgba(255,173,173,0.43));background: linear-gradient(-90deg,#70e7ff,rgba(255,173,173,0.43));\r\n\t\t\t\t}.tdi_7:before{\r\n\t\t\t\t\tcontent: '';\r\n                    position: absolute;\r\n                    top: 0;\r\n                    left: 0;\r\n                    width: 100%;\r\n                    height: 100%;\r\n\t\t\t\t\tbackground-image: url(https:\/\/alume.org\/wp-content\/uploads\/2022\/07\/panorama-morning-sky-and-cloud.jpg);\r\n                    background-repeat: no-repeat;\r\n                    background-size: cover;\r\n                    background-position: center center;\r\n                    z-index: -1;\r\n\t\t\t\t\r\n\t\t\t\t\tbackground-position: top;\r\n\t\t\t\t}.tdi_7 .tdm-descr{\r\n\t\t\t\t\tfont-family:Work Sans !important;\r\n\t\t\t\t}@media (max-width: 767px) {\r\n                  .tdm_block_hero .td-block-row .tdm-col {\r\n                    float: none;\r\n                  }\r\n                }\n<\/style><div class=\"td-block-width\"><div class=\"td-block-row\"><div class=\"td-block-span12 tdm-col\"><div class=\"tdm-text-wrap tdm-text-padding\">\n<style>\n\/* custom css - generated by TagDiv Composer *\/\nbody .tdi_8 .tdm-title{\r\n\t\t\t\t\tcolor: #ffffff;\r\n\t\t\t\t}.tdi_8 .tdm-title{\r\n\t\t\t\t\tfont-family:Work Sans !important;font-size:42px !important;font-weight:500 !important;text-transform:uppercase !important;letter-spacing:5px !important;\r\n\t\t\t\t}\n\n\/* portrait *\/\n@media (min-width: 768px) and (max-width: 1018px){\n.tdi_8 .tdm-title{\r\n\t\t\t\t\tfont-size:38px !important;\r\n\t\t\t\t}\n}\n\n\/* phone *\/\n@media (max-width: 767px){\n.tdi_8 .tdm-title{\r\n\t\t\t\t\tfont-size:25px !important;line-height:32px !important;\r\n\t\t\t\t}\n}\n<\/style><div class=\"tds-title tds-title1 td-fix-index tdi_8 \"><h1 class=\"tdm-title tdm-title-bg\">Estatutos de Alume Sa\u00fade Mental<\/h1><\/div><p class=\"tdm-descr\"><\/p><\/div><\/div><\/div><\/div><\/div><\/div><\/div><\/div><\/div><div id=\"tdi_9\" class=\"tdc-row\"><div class=\"vc_row tdi_10  wpb_row td-pb-row\" >\n<style scoped>\n\/* custom css - generated by TagDiv Composer *\/\n\n\/* custom css - generated by TagDiv Composer *\/\n.tdi_10,\r\n                .tdi_10 .tdc-columns{\r\n                    min-height: 0;\r\n                }.tdi_10,\r\n\t\t\t\t.tdi_10 .tdc-columns{\r\n\t\t\t\t    display: block;\r\n\t\t\t\t}.tdi_10 .tdc-columns{\r\n\t\t\t\t    width: 100%;\r\n\t\t\t\t}.tdi_10:before,\r\n\t\t\t\t.tdi_10:after{\r\n\t\t\t\t    display: table;\r\n\t\t\t\t}\n<\/style><div class=\"vc_column tdi_12  wpb_column vc_column_container tdc-column td-pb-span12\">\n<style scoped>\n\/* custom css - generated by TagDiv Composer *\/\n\n\/* custom css - generated by TagDiv Composer *\/\n.tdi_12{\r\n                    vertical-align: baseline;\r\n                }.tdi_12 > .wpb_wrapper,\r\n\t\t\t\t.tdi_12 > .wpb_wrapper > .tdc-elements{\r\n\t\t\t\t    display: block;\r\n\t\t\t\t}.tdi_12 > .wpb_wrapper > .tdc-elements{\r\n\t\t\t\t    width: 100%;\r\n\t\t\t\t}.tdi_12 > .wpb_wrapper > .vc_row_inner{\r\n\t\t\t\t    width: auto;\r\n\t\t\t\t}.tdi_12 > .wpb_wrapper{\r\n\t\t\t\t    width: auto;\r\n\t\t\t\t    height: auto;\r\n\t\t\t\t}\n<\/style><div class=\"wpb_wrapper\" ><div class=\"td_block_wrap td_block_text_with_title tdi_13 tagdiv-type td-pb-border-top td_block_template_1\"  data-td-block-uid=\"tdi_13\" >\n<style>\n\/* custom css - generated by TagDiv Composer *\/\n.td_block_text_with_title{\r\n                  margin-bottom: 44px;\r\n                  -webkit-transform: translateZ(0);\r\n                  transform: translateZ(0);\r\n                }.td_block_text_with_title p:last-child{\r\n                  margin-bottom: 0;\r\n                }\n<\/style><div class=\"td-block-title-wrap\"><\/div><div class=\"td_mod_wrap td-fix-index\">\t\t\t\t\t\t<style>\r\n\t\t\t\t<style>\r\n#wpsm_accordion_6534 .wpsm_panel-heading{\r\n\tpadding:0px !important;\r\n}\r\n#wpsm_accordion_6534 .wpsm_panel-title {\r\n\tmargin:0px !important; \r\n\ttext-transform:none !important;\r\n\tline-height: 1 !important;\r\n}\r\n#wpsm_accordion_6534 .wpsm_panel-title a{\r\n\ttext-decoration:none;\r\n\toverflow:hidden;\r\n\tdisplay:block;\r\n\tpadding:0px;\r\n\tfont-size: 16px !important;\r\n\tfont-family: Arial !important;\r\n\tcolor:#666666 !important;\r\n\tborder-bottom:0px !important;\r\n}\r\n\r\n#wpsm_accordion_6534 .wpsm_panel-title a:focus {\r\noutline: 0px !important;\r\n}\r\n\r\n#wpsm_accordion_6534 .wpsm_panel-title a:hover, #wpsm_accordion_6534 .wpsm_panel-title a:focus {\r\n\tcolor:#666666 !important;\r\n}\r\n#wpsm_accordion_6534 .acc-a{\r\n\tcolor: #666666 !important;\r\n\tbackground-color:#e8e8e8 !important;\r\n\tborder-color: #ddd;\r\n}\r\n#wpsm_accordion_6534 .wpsm_panel-default > .wpsm_panel-heading{\r\n\tcolor: #666666 !important;\r\n\tbackground-color: #e8e8e8 !important;\r\n\tborder-color: #e8e8e8 !important;\r\n\tborder-top-left-radius: 0px;\r\n\tborder-top-right-radius: 0px;\r\n}\r\n#wpsm_accordion_6534 .wpsm_panel-default {\r\n\t\tborder:1px solid transparent !important;\r\n\t}\r\n#wpsm_accordion_6534 {\r\n\tmargin-bottom: 20px;\r\n\toverflow: hidden;\r\n\tfloat: none;\r\n\twidth: 100%;\r\n\tdisplay: block;\r\n}\r\n#wpsm_accordion_6534 .ac_title_class{\r\n\tdisplay: block;\r\n\tpadding-top: 12px;\r\n\tpadding-bottom: 12px;\r\n\tpadding-left: 15px;\r\n\tpadding-right: 15px;\r\n}\r\n#wpsm_accordion_6534  .wpsm_panel {\r\n\toverflow:hidden;\r\n\t-webkit-box-shadow: 0 0px 0px rgba(0, 0, 0, .05);\r\n\tbox-shadow: 0 0px 0px rgba(0, 0, 0, .05);\r\n\t\tborder-radius: 4px;\r\n\t}\r\n#wpsm_accordion_6534  .wpsm_panel + .wpsm_panel {\r\n\t\tmargin-top: 5px;\r\n\t}\r\n#wpsm_accordion_6534  .wpsm_panel-body{\r\n\tbackground-color:#ffffff !important;\r\n\tcolor:#666666 !important;\r\n\tborder-top-color: #e8e8e8 !important;\r\n\tfont-size:15px !important;\r\n\tfont-family: Arial !important;\r\n\toverflow: hidden;\r\n\t\tborder: 2px solid #e8e8e8 !important;\r\n\t}\r\n\r\n#wpsm_accordion_6534 .ac_open_cl_icon{\r\n\tbackground-color:#e8e8e8 !important;\r\n\tcolor: #666666 !important;\r\n\tfloat:right !important;\r\n\tpadding-top: 12px !important;\r\n\tpadding-bottom: 12px !important;\r\n\tline-height: 1.0 !important;\r\n\tpadding-left: 15px !important;\r\n\tpadding-right: 15px !important;\r\n\tdisplay: inline-block !important;\r\n}\r\n\r\n\t\t\t\r\n\t\t\t#wpsm_accordion_6534 .wpsm_panel-title a {\r\n  font-family: Work Sans !important;\r\n}\r\n\r\n#wpsm_accordion_6534 .wpsm_panel-body {\r\n  font-family: Work Sans !important;\r\n}<\/style>\t\r\n\t\t\t<\/style>\r\n\t\t\t<div class=\"wpsm_panel-group\" id=\"wpsm_accordion_6534\" >\r\n\t\t\t\t\t\t\t\t\r\n\t\t\t\t\t<!-- Inner panel Start -->\r\n\t\t\t\t\t<div class=\"wpsm_panel wpsm_panel-default\">\r\n\t\t\t\t\t\t<div class=\"wpsm_panel-heading\" role=\"tab\" >\r\n\t\t\t\t\t\t  <h4 class=\"wpsm_panel-title\">\r\n\t\t\t\t\t\t\t<a  class=\"\"  data-toggle=\"collapse\" data-parent=\"#wpsm_accordion_6534 \" href=\"javascript:void(0)\" data-target=\"#ac_6534_collapse1\" onclick=\"do_resize()\">\r\n\t\t\t\t\t\t\t\t\t\t\t\t\t\t\t\t\t<span class=\"ac_open_cl_icon fa fa-plus\"><\/span>\r\n\t\t\t\t\t\t\t\t\t\r\n\t\t\t\t\t\t\t\t \r\n\t\t\t\t\t\t\t\t<span class=\"ac_title_class\">\r\n\t\t\t\t\t\t\t\t\t\t\t\t\t\t\t\t\t\t\t\t<span style=\"margin-right:6px;\" class=\"fa fa-angle-double-right\"><\/span>\r\n\t\t\t\t\t\t\t\t\tC\u00e1pitulo I\t\t\t\t\t\t\t\t<\/span>\r\n\t\t\t\t\t\t\t<\/a>\r\n\t\t\t\t\t\t  <\/h4>\r\n\t\t\t\t\t\t<\/div>\r\n\t\t\t\t\t\t<div id=\"ac_6534_collapse1\" class=\"wpsm_panel-collapse collapse \"  >\r\n\t\t\t\t\t\t  <div class=\"wpsm_panel-body\">\r\n\t\t\t\t\t\t\t<p style=\"text-align: justify\"><strong>CAP\u00cdTULO I: DENOMINACI\u00d3N, OBXECTIVOS, DOMICILIO E \u00c1MBITO<\/strong>\r\n<p style=\"text-align: justify\"><strong>Artigo<\/strong> <strong>1.-<\/strong> Os presentes estatutos corresponden \u00e1 asociaci\u00f3n denominada \"ALUME Sa\u00fade Mental\", tam\u00e9n co\u00f1ecida por \"ALUME\", que se rexer\u00e1 pola Lei Org\u00e1nica 1\/2002 de 22 de marzo e normas complementarias, con capacidade xur\u00eddica plena e capacidade de obrar, carecendo de \u00e1nimo de lucro.<\/p>\r\n<p style=\"text-align: justify\"><strong>Artigo<\/strong> <strong>2.-<\/strong> O fin da Asociaci\u00f3n \u00e9 promove-la recuperaci\u00f3n, a integraci\u00f3n social e a mellora da asistencia e da calidade de vida das persoas que padecen trastornos mentais e dos seus familiares, as\u00ed como a defensa dos seus intereses e dereitos.<\/p>\r\n<p style=\"text-align: justify\"><strong>Artigo 3<\/strong>.- Para levar a cabo este fin, a Asociaci\u00f3n poder\u00e1:<\/p>\r\n<p style=\"text-align: justify\">1.- Promover na sociedade unha actitude realista e comprensiva dos problemas dos que padecen enfermidade mental.<\/p>\r\n<p style=\"text-align: justify\">2.- Promover e potenciar iniciativas que favorezan a s\u00faa integraci\u00f3n laboral.<\/p>\r\n<p style=\"text-align: justify\">3.- Organizar actividades e crear servicios de tipo ocupacional, laboral, educativo, cultural, residencial, de lecer, etc. acordes cos seus fins.<\/p>\r\n<p style=\"text-align: justify\">4.- Instar ante as autoridades pol\u00edticas e administrativas medidas que faciliten a integraci\u00f3n social dos que padecen enfermidade mental.<\/p>\r\n<p style=\"text-align: justify\">5.- Actuar como punto de referencia e apoio para persoas que padecen enfermidade mental, familiares e amigos, as\u00ed como ser un espacio para o intercambio de experiencias e mutua axuda.<\/p>\r\n<p style=\"text-align: justify\">6.- Ser titor dos incapacitados por enfermidade mental cando as\u00ed conve\u00f1a, se acorde en forma e se tramite polas canles legais.<\/p>\r\n<p style=\"text-align: justify\">7.- Procurar relaci\u00f3ns de colaboraci\u00f3n e federarse con entidades af\u00edns.<\/p>\r\n<p style=\"text-align: justify\">8.- Promover a igualdade de sexos no cuidado dos enfermos, c\u00f3 fin de evitar a carga que tradicionalmente soportan as mulleres das familias.<\/p>\r\n<p style=\"text-align: justify\">9.- Realizar actividades espec\u00edficas e diferenciadas con persoas x\u00f3venes tanto a nivel preventivo en materia de sa\u00fade mental como a nivel terap\u00e9utico para evitar reca\u00eddas.<\/p>\r\n<p style=\"text-align: justify\">10.- Realizar actividades formativas coas persoas que padecen enfermidade mental con obxecto de aumentar a s\u00faa concienciaci\u00f3n sobre o coidado medioambiental.<\/p>\r\n<p style=\"text-align: justify\">11.- Realizar calquera outra actividade que, dentro da legalidade vixente, sirva para a consecuci\u00f3n dos seus fins.<\/p>\r\n<p style=\"text-align: justify\"><strong>Artigo<\/strong> <strong>4.-<\/strong> ALUME ten o seu domicilio social en Lugo, r\u00faa Illa Coelleira, 3, baixo dereita, 27002 Lugo.<\/p>\r\n<p style=\"text-align: justify\"><strong>Artigo 5.- <\/strong>ALUME desenvolver\u00e1 a s\u00faa actividade principalmente no \u00e1mbito da comunidade aut\u00f3noma de Galicia, sen prexu\u00edzo dos acordos acadados con outras entidades ou federaci\u00f3ns coas que comparta \u00e1mbito de actuaci\u00f3n.<\/p>\r\n<p style=\"text-align: justify\"><strong>Artigo<\/strong> <strong>6.-<\/strong> Esta asociaci\u00f3n ten unha duraci\u00f3n indefinida<\/p>\t\t\t\t\t\t  <\/div>\r\n\t\t\t\t\t\t<\/div>\r\n\t\t\t\t\t<\/div>\r\n\t\t\t\t\t<!-- Inner panel End -->\r\n\t\t\t\t\t\r\n\t\t\t\t\t\t\t\t\r\n\t\t\t\t\t<!-- Inner panel Start -->\r\n\t\t\t\t\t<div class=\"wpsm_panel wpsm_panel-default\">\r\n\t\t\t\t\t\t<div class=\"wpsm_panel-heading\" role=\"tab\" >\r\n\t\t\t\t\t\t  <h4 class=\"wpsm_panel-title\">\r\n\t\t\t\t\t\t\t<a  class=\"collapsed\"  data-toggle=\"collapse\" data-parent=\"#wpsm_accordion_6534 \" href=\"javascript:void(0)\" data-target=\"#ac_6534_collapse2\" onclick=\"do_resize()\">\r\n\t\t\t\t\t\t\t\t\t\t\t\t\t\t\t\t\t<span class=\"ac_open_cl_icon fa fa-plus\"><\/span>\r\n\t\t\t\t\t\t\t\t\t\r\n\t\t\t\t\t\t\t\t \r\n\t\t\t\t\t\t\t\t<span class=\"ac_title_class\">\r\n\t\t\t\t\t\t\t\t\t\t\t\t\t\t\t\t\t\t\t\t<span style=\"margin-right:6px;\" class=\"fa fa-angle-double-right\"><\/span>\r\n\t\t\t\t\t\t\t\t\tC\u00e1pitulo II\t\t\t\t\t\t\t\t<\/span>\r\n\t\t\t\t\t\t\t<\/a>\r\n\t\t\t\t\t\t  <\/h4>\r\n\t\t\t\t\t\t<\/div>\r\n\t\t\t\t\t\t<div id=\"ac_6534_collapse2\" class=\"wpsm_panel-collapse collapse \"  >\r\n\t\t\t\t\t\t  <div class=\"wpsm_panel-body\">\r\n\t\t\t\t\t\t\t<p style=\"text-align: justify\"><strong>CAP\u00cdTULO II: XUNTA DIRECTIVA<\/strong><\/p>\r\n<p style=\"text-align: justify\"><strong>Artigo<\/strong> <strong>7.-<\/strong> ALUME ser\u00e1 xestionada e representada por unha Xunta Directiva formada por: un Presidente, un Vicepresidente, un Secretario, un Tesoureiro, e entre un e cinco vocais, segundo decisi\u00f3n da Asamblea Xeral no momento da elecci\u00f3n dos membros da Xunta Directiva. T\u00f3dolos cargos que compo\u00f1en a Xunta Directiva ser\u00e1n de baldes. Estes ser\u00e1n designados e revocados pola Asemblea Xeral Extraordinaria e o seu mandato ter\u00e1 unha duraci\u00f3n de catro anos. S\u00f3 poder\u00e1n formar parte da Xunta Directiva os asociados. Para ser membro da Xunta Directiva \u00e9 necesario ser maior de idade, estar en pleno uso dos dereitos civ\u00eds e non estar incurso nos motivos de incompatibilidade establecidos na lexislaci\u00f3n vixente. Non poder\u00e1n ser membros da Xunta Directiva persoas que realicen ou te\u00f1an realizado prestaci\u00f3ns laborais ou profesionais que supo\u00f1an unha remuneraci\u00f3n por parte de Alume.<\/p>\r\n<p style=\"text-align: justify\"><strong>Artigo<\/strong> <strong>8.-<\/strong> A elecci\u00f3n da Xunta Directiva realizarase por candidaturas conxuntas, onde figuren t\u00f3dolos cargos a cubrir. Resultar\u00e1 elixida a candidatura que obte\u00f1a a maior\u00eda cualificada dos votos. Se na primeira votaci\u00f3n non resultara elixida ningunha candidatura, eliminar\u00e1se a \u00faltima candidatura e se realizar\u00eda outra votaci\u00f3n. Se entre as d\u00faas \u00faltimas candidaturas ningunha acadase a maior\u00eda cualificada, a Xunta Directiva sa\u00ednte prorrogar\u00eda o seu mandato durante un ano, prazo no que deber\u00e1 convocar unha nova Asemblea Extraordinaria. S\u00f3 en caso de vacantes p\u00f3dese someter \u00e1 decisi\u00f3n da Asemblea a elecci\u00f3n de membros individuais da Xunta Directiva, segundo o establecido no artigo 19.<\/p>\r\n<p style=\"text-align: justify\"><strong>Artigo<\/strong> <strong>9.-<\/strong> A revocaci\u00f3n dos membros da Xunta Directiva p\u00f3dese acordar para membros individuais ou para a Xunta en conxunto. Nos dous casos \u00e9 necesario acreditar o incumprimento das obrigas que te\u00f1an encomendadas os afectados, que ter\u00e1n dereito a ser escoitados pola Asemblea, e ser\u00e1 necesario o voto favorable da maior\u00eda cualificada da Asemblea para determinar a revocaci\u00f3n.<\/p>\r\n<p style=\"text-align: justify\"><strong>Artigo<\/strong> <strong>10.-<\/strong> Os membros da Xunta Directiva poder\u00e1n causar baixa por renuncia voluntaria comunicada por escrito \u00e1 Xunta Directiva, por incumprimento das obrigas que tiveran encomendadas e por expiraci\u00f3n do mandato.<\/p>\r\n<p style=\"text-align: justify\"><strong>Artigo<\/strong> <strong>11.-<\/strong> Os membros da Xunta Directiva que esgotaran o prazo para o que foron elixidos continuar\u00e1n nos seus cargos ata o momento en que se produza a aceptaci\u00f3n dos que lles substit\u00faan.<\/p>\r\n<p style=\"text-align: justify\"><strong>Artigo<\/strong> <strong>12.-<\/strong> A Xunta Directiva reunirase cantas veces o determine o seu Presidente e a iniciativa ou petici\u00f3n de tres dos seus membros. Queda constitu\u00edda cando asista a metade m\u00e1is un dos seus membros e para que os seus acordos sexan v\u00e1lidos deber\u00e1n ser tomados por maior\u00eda de votos. En caso de empate, o voto do Presidente ser\u00e1 de calidade.<\/p>\r\n<p style=\"text-align: justify\"><strong>Artigo<\/strong> <strong>13.-<\/strong> Facultades da Xunta Directiva: As facultades da Xunta Directiva abranguer\u00e1n, con car\u00e1cter xeral, t\u00f3dolos actos propios das finalidades da asociaci\u00f3n, sempre que non requiran, segundo estes estatutos, autorizaci\u00f3n expresa da Asemblea Xeral. Son facultades particulares da Xunta Directiva:<\/p>\r\n\r\n<ol type=\"a\">\r\n \t<li>Dirixi-las actividades sociais e levar a xesti\u00f3n econ\u00f3mica e administrativa da Asociaci\u00f3n, acordando realizar os oportunos contratos e<\/li>\r\n \t<li>\u00a0Executa-los acordos da Asemblea<\/li>\r\n \t<li>Formular e someter \u00e1 aprobaci\u00f3n da Asemblea Xeral os balances e contas<\/li>\r\n \t<li>Resolver sobre a admisi\u00f3n de novos<\/li>\r\n \t<li>Nomear delegados para algunha determinada actividade da Asociaci\u00f3n.<\/li>\r\n \t<li>Calquera outra facultade que non sexa da exclusiva competencia da Asemblea Xeral de<\/li>\r\n<\/ol>\r\n<p style=\"text-align: justify\"><strong>Artigo<\/strong> <strong>14.-<\/strong> Corresp\u00f3ndenlle \u00f3 Presidente as seguintes funci\u00f3ns:<\/p>\r\n\r\n<ol type=\"a\">\r\n \t<li>Asumi-la representaci\u00f3n legal da Asociaci\u00f3n.<\/li>\r\n \t<li>Convocar, presidir e dirixi-los debates da Xunta Directiva e Asemblea<\/li>\r\n \t<li>Subscribir contratos en nome da Asociaci\u00f3n.<\/li>\r\n \t<li>Outorgar poderes a<\/li>\r\n \t<li>Xestionar e aceptar subvenci\u00f3ns, axudas institucionais, doaz\u00f3ns, legados e<\/li>\r\n \t<li>Exercitar acci\u00f3ns e opo\u00f1er excepci\u00f3ns.<\/li>\r\n \t<li>Visa-las Actas e certificados emitidos polo<\/li>\r\n \t<li>Firmar co Tesoureiro as ordes de pago en nome da Asociaci\u00f3n.<\/li>\r\n \t<li>Outras atribuci\u00f3ns propias do cargo e as delegadas pola Asemblea<\/li>\r\n \t<li>Adoptar calquera medida urxente que a boa marcha da Asociaci\u00f3n aconselle ou no desenvolvemento das s\u00faas actividades resulte necesaria ou adecuada, sen deixar de dar conta con posterioridade \u00e1 Xunta<\/li>\r\n<\/ol>\r\n<p style=\"text-align: justify\"><strong>Artigo<\/strong> <strong>15.-<\/strong> O Vicepresidente corresp\u00f3ndelle asistir \u00f3 Presidente nas s\u00faas funci\u00f3ns e substituilo en caso de ausencia ou delegaci\u00f3n, circunstancias nas que ter\u00e1 as mesmas atribuci\u00f3ns que o Presidente.<\/p>\r\n<p style=\"text-align: justify\"><strong>Artigo<\/strong> <strong>16.-<\/strong> O Secretario ter\u00e1 a cargo a direcci\u00f3n dos traballos puramente administrativos da Asociaci\u00f3n, expedir\u00e1 certificaci\u00f3ns, levar\u00e1 os libros da asociaci\u00f3n legalmente establecidos e o ficheiro de asociados, e custodiar\u00e1 a documentaci\u00f3n da entidade, facendo que se cursen as comunicaci\u00f3ns sobre designaci\u00f3n de Xuntas Directivas e demais acordos sociais inscritibles \u00f3s rexistros correspondentes, as\u00ed como a presentaci\u00f3n das contas anuais e o cumprimento das obrigas documentais nos termos en que legalmente correspondan.<\/p>\r\n<p style=\"text-align: justify\"><strong>Artigo<\/strong> <strong>17.-<\/strong> O Tesoureiro recadar\u00e1 e custodiar\u00e1 os fondos pertencentes \u00e1 Asociaci\u00f3n e dar\u00e1 cumprimento \u00e1s ordes de pago que expida o Presidente.<\/p>\r\n<p style=\"text-align: justify\"><strong>Artigo<\/strong> <strong>18.-<\/strong> Os Vocais ter\u00e1n as obrigas propias do seu cargo como membros da Xunta Directiva e as que xurdan das delegaci\u00f3ns ou comisi\u00f3ns de traballo que a propia Xunta lles encomende.<\/p>\r\n<p style=\"text-align: justify\"><strong>Artigo<\/strong> <strong>19.-<\/strong> As vacantes que se puideran producir durante o mandato de calquera dos membros da Xunta Directiva ser\u00e1n cubertas provisionalmente entre os membros restantes da Directiva ata a elecci\u00f3n definitiva, en Asemblea Xeral Extraordinaria, do substituto, que exercer\u00e1 o cargo con plenitude de facultades, durante o tempo que restara para completar os catro anos iniciais.<\/p>\t\t\t\t\t\t  <\/div>\r\n\t\t\t\t\t\t<\/div>\r\n\t\t\t\t\t<\/div>\r\n\t\t\t\t\t<!-- Inner panel End -->\r\n\t\t\t\t\t\r\n\t\t\t\t\t\t\t\t\r\n\t\t\t\t\t<!-- Inner panel Start -->\r\n\t\t\t\t\t<div class=\"wpsm_panel wpsm_panel-default\">\r\n\t\t\t\t\t\t<div class=\"wpsm_panel-heading\" role=\"tab\" >\r\n\t\t\t\t\t\t  <h4 class=\"wpsm_panel-title\">\r\n\t\t\t\t\t\t\t<a  class=\"collapsed\"  data-toggle=\"collapse\" data-parent=\"#wpsm_accordion_6534 \" href=\"javascript:void(0)\" data-target=\"#ac_6534_collapse3\" onclick=\"do_resize()\">\r\n\t\t\t\t\t\t\t\t\t\t\t\t\t\t\t\t\t<span class=\"ac_open_cl_icon fa fa-plus\"><\/span>\r\n\t\t\t\t\t\t\t\t\t\r\n\t\t\t\t\t\t\t\t \r\n\t\t\t\t\t\t\t\t<span class=\"ac_title_class\">\r\n\t\t\t\t\t\t\t\t\t\t\t\t\t\t\t\t\t\t\t\t<span style=\"margin-right:6px;\" class=\"fa fa-angle-double-right\"><\/span>\r\n\t\t\t\t\t\t\t\t\tC\u00e1pitulo III\t\t\t\t\t\t\t\t<\/span>\r\n\t\t\t\t\t\t\t<\/a>\r\n\t\t\t\t\t\t  <\/h4>\r\n\t\t\t\t\t\t<\/div>\r\n\t\t\t\t\t\t<div id=\"ac_6534_collapse3\" class=\"wpsm_panel-collapse collapse \"  >\r\n\t\t\t\t\t\t  <div class=\"wpsm_panel-body\">\r\n\t\t\t\t\t\t\t<p style=\"text-align: justify\"><strong>CAPITULO III: ASEMBLEA XERAL<\/strong><\/p>\r\n<p style=\"text-align: justify\"><strong>Artigo<\/strong> <strong>20.-<\/strong> A Asemblea Xeral \u00e9 o \u00f3rgano supremo de goberno da Asociaci\u00f3n e estar\u00e1 integrada por t\u00f3dolos asociados.<\/p>\r\n<p style=\"text-align: justify\"><strong>Artigo<\/strong> <strong>21.-<\/strong> As reuni\u00f3ns da Asemblea Xeral ser\u00e1n ordinarias e extraordinarias. A ordinaria celebrarase unha vez \u00f3 ano dentro dos catro meses seguintes \u00f3 peche de exercicio; as extraordinarias celebraranse cando as circunstancias o aconsellen, a xu\u00edzo do Presidente, cando a Xunta Directiva o acorde ou cando o propo\u00f1a por escrito unha d\u00e9cima parte dos asociados.<\/p>\r\n<p style=\"text-align: justify\"><strong>Artigo<\/strong> <strong>22.-<\/strong> As convocatorias das Asembleas Xerais realizaranse por escrito expresando o lugar, d\u00eda e hora da reuni\u00f3n as\u00ed como a orde do d\u00eda con expresi\u00f3n concreta dos asuntos a tratar. Entre a convocatoria e o d\u00eda sinalado para a celebraci\u00f3n da Asemblea en primeira convocatoria haber\u00e1n de mediar alomenos dez d\u00edas, podendo as\u00ed mesmo facerse constar se procedera a data e hora en que se reunir\u00e1 a Asemblea en segunda convocatoria, sen que entre unha e outra poda mediar un prazo inferior a media hora.<\/p>\r\n<p style=\"text-align: justify\"><strong>Artigo<\/strong> <strong>23.-<\/strong> As Asembleas Xerais, tanto ordinarias como extraordinarias, ficar\u00e1n validamente constitu\u00eddas en primeira convocatoria cando concorran a ela un tercio dos asociados con dereito a voto, e en segunda convocatoria calquera que sexa o n\u00famero de asociados con dereito a voto. Os acordos tomaranse por maior\u00eda simple das persoas presentes ou representadas cando os votos afirmativos superen \u00f3s negativos, non sendo computables a estes efectos os votos en branco nin as abstenci\u00f3ns. Cumprir\u00e1 maior\u00eda cualificada das persoas presentes ou representadas, que resultar\u00e1n cando os votos afirmativos superen a metade de estas para:<\/p>\r\n\r\n<ol style=\"text-align: justify\" type=\"a\">\r\n \t<li>Nomeamento e revocaci\u00f3n das Xuntas Directivas e<\/li>\r\n \t<li>Acordo para constitu\u00edr unha Federaci\u00f3n de Asociaci\u00f3ns ou integrarse<\/li>\r\n \t<li>Disposici\u00f3n ou alleamento de bens integrantes do<\/li>\r\n \t<li>Modificaci\u00f3n de<\/li>\r\n<\/ol>\r\n<p style=\"text-align: justify\">Requerir\u00e1se unha maior\u00eda de dous tercios das persoas presentes ou representadas para acordar a disoluci\u00f3n da entidade.<\/p>\r\n<p style=\"text-align: justify\"><strong>Artigo<\/strong> <strong>24.-<\/strong> Son facultades da Asemblea Xeral Ordinaria<\/p>\r\n\r\n<ol style=\"text-align: justify\" type=\"a\">\r\n \t<li>Aprobar, no seu caso, a xesti\u00f3n da Xunta<\/li>\r\n \t<li>Examinar e aprobar as Contas<\/li>\r\n \t<li>\u00a0Aprobar ou rexeitar as propostas da Xunta Directiva en orde \u00e1s actividades da Asociaci\u00f3n.<\/li>\r\n \t<li>Fixa-las cotas ordinarias ou<\/li>\r\n \t<li>Calquera outra que non sexa da competencia exclusiva da Asemblea<\/li>\r\n<\/ol>\r\n<p style=\"text-align: justify\"><strong>Artigo<\/strong> <strong>25.-<\/strong> Corresponde \u00e1 Asemblea Xeral Extraordinaria:<\/p>\r\n\r\n<ol type=\"a\">\r\n \t<li style=\"text-align: justify\">Nomeamento e revocaci\u00f3n dos membros da Xunta<\/li>\r\n \t<li style=\"text-align: justify\">Modificaci\u00f3n dos<\/li>\r\n \t<li style=\"text-align: justify\">Disoluci\u00f3n da<\/li>\r\n \t<li style=\"text-align: justify\">Expulsi\u00f3n de socios, a proposta da Xunta<\/li>\r\n \t<li style=\"text-align: justify\">Constituci\u00f3n de Federaci\u00f3ns o integraci\u00f3n en<\/li>\r\n<\/ol>\t\t\t\t\t\t  <\/div>\r\n\t\t\t\t\t\t<\/div>\r\n\t\t\t\t\t<\/div>\r\n\t\t\t\t\t<!-- Inner panel End -->\r\n\t\t\t\t\t\r\n\t\t\t\t\t\t\t\t\r\n\t\t\t\t\t<!-- Inner panel Start -->\r\n\t\t\t\t\t<div class=\"wpsm_panel wpsm_panel-default\">\r\n\t\t\t\t\t\t<div class=\"wpsm_panel-heading\" role=\"tab\" >\r\n\t\t\t\t\t\t  <h4 class=\"wpsm_panel-title\">\r\n\t\t\t\t\t\t\t<a  class=\"collapsed\"  data-toggle=\"collapse\" data-parent=\"#wpsm_accordion_6534 \" href=\"javascript:void(0)\" data-target=\"#ac_6534_collapse4\" onclick=\"do_resize()\">\r\n\t\t\t\t\t\t\t\t\t\t\t\t\t\t\t\t\t<span class=\"ac_open_cl_icon fa fa-plus\"><\/span>\r\n\t\t\t\t\t\t\t\t\t\r\n\t\t\t\t\t\t\t\t \r\n\t\t\t\t\t\t\t\t<span class=\"ac_title_class\">\r\n\t\t\t\t\t\t\t\t\t\t\t\t\t\t\t\t\t\t\t\t<span style=\"margin-right:6px;\" class=\"fa fa-angle-double-right\"><\/span>\r\n\t\t\t\t\t\t\t\t\tC\u00e1pitulo IV\t\t\t\t\t\t\t\t<\/span>\r\n\t\t\t\t\t\t\t<\/a>\r\n\t\t\t\t\t\t  <\/h4>\r\n\t\t\t\t\t\t<\/div>\r\n\t\t\t\t\t\t<div id=\"ac_6534_collapse4\" class=\"wpsm_panel-collapse collapse \"  >\r\n\t\t\t\t\t\t  <div class=\"wpsm_panel-body\">\r\n\t\t\t\t\t\t\t<p style=\"text-align: justify\"><strong>CAPITULO IV: SOCIOS<\/strong><\/p>\r\n<strong>Artigo<\/strong> <strong>26.-<\/strong> Poder\u00e1n formar parte da Asociaci\u00f3n t\u00f3dalas persoas f\u00edsicas, maiores de idade que te\u00f1an interese en servir \u00f3s fins da Asociaci\u00f3ns. A admisi\u00f3n producirase cando a solicitude de inscrici\u00f3n sexa aceptada pola Xunta Directiva.\r\n\r\n<strong>Artigo<\/strong> <strong>27.-<\/strong> O n\u00famero de socios ser\u00e1 ilimitado e ter\u00e1n todos a mesma clase e condici\u00f3n. A Xunta Directiva poder\u00e1 nomear \"membro honor\u00edfico\" \u00e1s persoas ou instituci\u00f3ns que estime oportuno, sen que tal nomeamento carrete a condici\u00f3n xur\u00eddica de socio.\r\n\r\n<strong>Artigo<\/strong> <strong>28.-<\/strong> Quen desexe pertencer \u00e1 Asociaci\u00f3n solicitarao por escrito. A Xunta Directiva resolver\u00e1 sobre a s\u00faa admisi\u00f3n ou rexeitamento, sen que caiba ning\u00fan recurso contra tal acordo.\r\n\r\n<strong>Artigo<\/strong> <strong>29.-<\/strong> Os dereitos dos socios ser\u00e1n:\r\n<ol type=\"a\">\r\n \t<li>Asistir, con voz e voto, \u00e1s Asembleas Xerais de<\/li>\r\n \t<li>Ser elixible para ocupar cargos na Xunta<\/li>\r\n \t<li>Facer uso dos servicios que a Asociaci\u00f3n estableza, de acordo cos fins que se sinalan nestes<\/li>\r\n \t<li>Recibir informaci\u00f3n sobre as actividades que realice a Asociaci\u00f3n e das xesti\u00f3ns da Xunta<\/li>\r\n \t<li>Formar parte de grupos ou comisi\u00f3ns que puideran<\/li>\r\n \t<li>\u00a0Causar baixa voluntaria na Asociaci\u00f3n.<\/li>\r\n<\/ol>\r\n<strong>Artigo<\/strong> <strong>30.-<\/strong> Os socios ter\u00e1n os seguintes deberes:\r\n<ol type=\"a\">\r\n \t<li>Satisfacer puntualmente as cotas que se A Xunta Directiva, previa consideraci\u00f3n das circunstancias, poder\u00e1 eximir do pago da cota a socios individuais.<\/li>\r\n \t<li>Formar parte da Xunta Directiva, caso de ser elixido e desempe\u00f1ar fielmente os<\/li>\r\n \t<li>Cumprir os Estatutos e os acordos da Xunta Directiva e Asemblea<\/li>\r\n<\/ol>\r\n<strong>Artigo<\/strong> <strong>31.-<\/strong> Causar\u00e1 baixa na Asociaci\u00f3n:\r\n<ol type=\"a\">\r\n \t<li>Quen voluntariamente o decida e comunique por escrito \u00e1 Xunta<\/li>\r\n \t<li>Quen incumpra reiteradamente e sen causa xustificada os deberes impostos polos presentes A baixa neste caso farase a proposta da Xunta Directiva, ratificada pola Asemblea Xeral previa audiencia \u00f3 interesado se este o solicitase.<\/li>\r\n<\/ol>\t\t\t\t\t\t  <\/div>\r\n\t\t\t\t\t\t<\/div>\r\n\t\t\t\t\t<\/div>\r\n\t\t\t\t\t<!-- Inner panel End -->\r\n\t\t\t\t\t\r\n\t\t\t\t\t\t\t\t\r\n\t\t\t\t\t<!-- Inner panel Start -->\r\n\t\t\t\t\t<div class=\"wpsm_panel wpsm_panel-default\">\r\n\t\t\t\t\t\t<div class=\"wpsm_panel-heading\" role=\"tab\" >\r\n\t\t\t\t\t\t  <h4 class=\"wpsm_panel-title\">\r\n\t\t\t\t\t\t\t<a  class=\"collapsed\"  data-toggle=\"collapse\" data-parent=\"#wpsm_accordion_6534 \" href=\"javascript:void(0)\" data-target=\"#ac_6534_collapse5\" onclick=\"do_resize()\">\r\n\t\t\t\t\t\t\t\t\t\t\t\t\t\t\t\t\t<span class=\"ac_open_cl_icon fa fa-plus\"><\/span>\r\n\t\t\t\t\t\t\t\t\t\r\n\t\t\t\t\t\t\t\t \r\n\t\t\t\t\t\t\t\t<span class=\"ac_title_class\">\r\n\t\t\t\t\t\t\t\t\t\t\t\t\t\t\t\t\t\t\t\t<span style=\"margin-right:6px;\" class=\"fa fa-angle-double-right\"><\/span>\r\n\t\t\t\t\t\t\t\t\tC\u00e1pitulo V\t\t\t\t\t\t\t\t<\/span>\r\n\t\t\t\t\t\t\t<\/a>\r\n\t\t\t\t\t\t  <\/h4>\r\n\t\t\t\t\t\t<\/div>\r\n\t\t\t\t\t\t<div id=\"ac_6534_collapse5\" class=\"wpsm_panel-collapse collapse \"  >\r\n\t\t\t\t\t\t  <div class=\"wpsm_panel-body\">\r\n\t\t\t\t\t\t\t<p style=\"text-align: justify\"><strong>CAPITULO V: R\u00c9XIME ECON\u00d3MICO<\/strong><\/p>\r\n<p style=\"text-align: justify\"><strong>Artigo<\/strong> <strong>32.-<\/strong> Os recursos econ\u00f3micos previstos para o desenvolvemento dos fins e actividades da asociaci\u00f3n ser\u00e1n os seguintes:<\/p>\r\n\r\n<ol style=\"text-align: justify\" type=\"a\">\r\n \t<li>As cotas de socios, peri\u00f3dicas ou<\/li>\r\n \t<li>As subvenci\u00f3ns, legados ou herdanzas que puidera recibir de forma legal por parte dos asociados ou de terceiras<\/li>\r\n \t<li>Calquera outro recurso l\u00edcito.<\/li>\r\n<\/ol>\r\n<p style=\"text-align: justify\"><strong>Artigo<\/strong> <strong>33.-<\/strong> O patrimonio inicial da Asociaci\u00f3n ou Fondo Social de ALUME \u00e9 de 0 euros.<\/p>\r\n<p style=\"text-align: justify\"><strong>Artigo<\/strong> <strong>34.-<\/strong> O exercicio asociativo e econ\u00f3mico ser\u00e1 anual e o seu peche ter\u00e1 lugar o 31 de decembro de cada ano.<\/p>\t\t\t\t\t\t  <\/div>\r\n\t\t\t\t\t\t<\/div>\r\n\t\t\t\t\t<\/div>\r\n\t\t\t\t\t<!-- Inner panel End -->\r\n\t\t\t\t\t\r\n\t\t\t\t\t\t\t\t\r\n\t\t\t\t\t<!-- Inner panel Start -->\r\n\t\t\t\t\t<div class=\"wpsm_panel wpsm_panel-default\">\r\n\t\t\t\t\t\t<div class=\"wpsm_panel-heading\" role=\"tab\" >\r\n\t\t\t\t\t\t  <h4 class=\"wpsm_panel-title\">\r\n\t\t\t\t\t\t\t<a  class=\"collapsed\"  data-toggle=\"collapse\" data-parent=\"#wpsm_accordion_6534 \" href=\"javascript:void(0)\" data-target=\"#ac_6534_collapse6\" onclick=\"do_resize()\">\r\n\t\t\t\t\t\t\t\t\t\t\t\t\t\t\t\t\t<span class=\"ac_open_cl_icon fa fa-plus\"><\/span>\r\n\t\t\t\t\t\t\t\t\t\r\n\t\t\t\t\t\t\t\t \r\n\t\t\t\t\t\t\t\t<span class=\"ac_title_class\">\r\n\t\t\t\t\t\t\t\t\t\t\t\t\t\t\t\t\t\t\t\t<span style=\"margin-right:6px;\" class=\"fa fa-angle-double-right\"><\/span>\r\n\t\t\t\t\t\t\t\t\tC\u00e1pitulo VI\t\t\t\t\t\t\t\t<\/span>\r\n\t\t\t\t\t\t\t<\/a>\r\n\t\t\t\t\t\t  <\/h4>\r\n\t\t\t\t\t\t<\/div>\r\n\t\t\t\t\t\t<div id=\"ac_6534_collapse6\" class=\"wpsm_panel-collapse collapse \"  >\r\n\t\t\t\t\t\t  <div class=\"wpsm_panel-body\">\r\n\t\t\t\t\t\t\t<p style=\"text-align: justify\"><strong>CAPITULO VI: DISOLUCI\u00d3N<\/strong><\/p>\r\n<p style=\"text-align: justify\"><strong>Artigo<\/strong> <strong>35.-<\/strong> Disolverase voluntariamente cando as\u00ed o acorde a Asemblea Xeral Extraordinaria, convocada \u00f3 efecto, por unha maior\u00eda de 2\/3 das persoas presentes ou representadas na asamblea.<\/p>\r\n<p style=\"text-align: justify\"><strong>Artigo<\/strong> <strong>36.-<\/strong> En caso de disoluci\u00f3n da Asociaci\u00f3n, o seu patrimonio ser\u00e1 destinado na s\u00faa totalidade a algunha das entidades consideradas como entidades beneficiarias do mecenado \u00f3s efectos previstos nos artigos 16 a 25, ambos inclusive, da Lei 49\/2002, ou a entidades p\u00fablicas de natureza non fundacional que persigan fins de interese xeral..<\/p>\r\n\t\t\t\t\t\t  <\/div>\r\n\t\t\t\t\t\t<\/div>\r\n\t\t\t\t\t<\/div>\r\n\t\t\t\t\t<!-- Inner panel End -->\r\n\t\t\t\t\t\r\n\t\t\t\t\t\t\t\t\r\n\t\t\t\t\t<!-- Inner panel Start -->\r\n\t\t\t\t\t<div class=\"wpsm_panel wpsm_panel-default\">\r\n\t\t\t\t\t\t<div class=\"wpsm_panel-heading\" role=\"tab\" >\r\n\t\t\t\t\t\t  <h4 class=\"wpsm_panel-title\">\r\n\t\t\t\t\t\t\t<a  class=\"collapsed\"  data-toggle=\"collapse\" data-parent=\"#wpsm_accordion_6534 \" href=\"javascript:void(0)\" data-target=\"#ac_6534_collapse7\" onclick=\"do_resize()\">\r\n\t\t\t\t\t\t\t\t\t\t\t\t\t\t\t\t\t<span class=\"ac_open_cl_icon fa fa-plus\"><\/span>\r\n\t\t\t\t\t\t\t\t\t\r\n\t\t\t\t\t\t\t\t \r\n\t\t\t\t\t\t\t\t<span class=\"ac_title_class\">\r\n\t\t\t\t\t\t\t\t\t\t\t\t\t\t\t\t\t\t\t\t<span style=\"margin-right:6px;\" class=\"fa fa-angle-double-right\"><\/span>\r\n\t\t\t\t\t\t\t\t\tDISPOSICI\u00d3N ADICIONAL\t\t\t\t\t\t\t\t<\/span>\r\n\t\t\t\t\t\t\t<\/a>\r\n\t\t\t\t\t\t  <\/h4>\r\n\t\t\t\t\t\t<\/div>\r\n\t\t\t\t\t\t<div id=\"ac_6534_collapse7\" class=\"wpsm_panel-collapse collapse \"  >\r\n\t\t\t\t\t\t  <div class=\"wpsm_panel-body\">\r\n\t\t\t\t\t\t\t<p style=\"text-align: justify\"><strong>DISPOSICI\u00d3N<\/strong> <strong>ADICIONAL<\/strong><strong>. <\/strong>Estes estatutos modifican os estatutos aprobados o 9 de febreiro de 2022. Os estatutos orixinais de Alume, aprobados con ocasi\u00f3n da s\u00faa constituci\u00f3n, en novembro de 1995, foron asimesmo modificados o 26 de marzo de 2004 e posteriormente o 26 de marzo 2008, o 28 de xaneiro de 2015 e o 8 de setembro de 2016. En todo canto non estea previsto nos presentes Estatutos aplicarase a Lei Org\u00e1nica 1\/2002, de 22 de marzo, reguladora do Dereito de Asociaci\u00f3n, e as disposici\u00f3ns complementarias. Lugo, 9 de febreiro de 2022.<\/p>\r\n\t\t\t\t\t\t  <\/div>\r\n\t\t\t\t\t\t<\/div>\r\n\t\t\t\t\t<\/div>\r\n\t\t\t\t\t<!-- Inner panel End -->\r\n\t\t\t\t\t\r\n\t\t\t\t\t\t\t\t\r\n\t\t\t\t\t<!-- Inner panel Start -->\r\n\t\t\t\t\t<div class=\"wpsm_panel wpsm_panel-default\">\r\n\t\t\t\t\t\t<div class=\"wpsm_panel-heading\" role=\"tab\" >\r\n\t\t\t\t\t\t  <h4 class=\"wpsm_panel-title\">\r\n\t\t\t\t\t\t\t<a  class=\"collapsed\"  data-toggle=\"collapse\" data-parent=\"#wpsm_accordion_6534 \" href=\"javascript:void(0)\" data-target=\"#ac_6534_collapse8\" onclick=\"do_resize()\">\r\n\t\t\t\t\t\t\t\t\t\t\t\t\t\t\t\t\t<span class=\"ac_open_cl_icon fa fa-plus\"><\/span>\r\n\t\t\t\t\t\t\t\t\t\r\n\t\t\t\t\t\t\t\t \r\n\t\t\t\t\t\t\t\t<span class=\"ac_title_class\">\r\n\t\t\t\t\t\t\t\t\t\t\t\t\t\t\t\t\t\t\t\t<span style=\"margin-right:6px;\" class=\"fa fa-angle-double-right\"><\/span>\r\n\t\t\t\t\t\t\t\t\tDILIXENCIA\t\t\t\t\t\t\t\t<\/span>\r\n\t\t\t\t\t\t\t<\/a>\r\n\t\t\t\t\t\t  <\/h4>\r\n\t\t\t\t\t\t<\/div>\r\n\t\t\t\t\t\t<div id=\"ac_6534_collapse8\" class=\"wpsm_panel-collapse collapse \"  >\r\n\t\t\t\t\t\t  <div class=\"wpsm_panel-body\">\r\n\t\t\t\t\t\t\t<p style=\"text-align: justify\"><strong><em>DILIXENCIA<\/em><\/strong><\/p>\r\n<p style=\"text-align: justify\"><em>Manuel Fern\u00e1ndez Prado, titular da Presidencia, e \u00d3scar Rodr\u00edguez Garc\u00eda, titular da Secretar\u00eda da Asociaci\u00f3n Alume Sa\u00fade Mental, fan constar que os presentes estatutos est\u00e1n redactados coa inclusi\u00f3n das modificaci\u00f3ns acordadas na asemblea xeral extraordinaria celebrada en data 26 de abril de 2023, de acordo cos requisitos establecidos na LO 1\/2002, de 22 de marzo, reguladora do dereito de asociaci\u00f3n, e seguindo o procedemento previsto nos seus estatutos.<\/em><\/p>\r\n<p style=\"text-align: justify\">En Lugo, a 26 de abril de 2023<\/p>\t\t\t\t\t\t  <\/div>\r\n\t\t\t\t\t\t<\/div>\r\n\t\t\t\t\t<\/div>\r\n\t\t\t\t\t<!-- Inner panel End -->\r\n\t\t\t\t\t\r\n\t\t\t\t\t\t\t<\/div>\r\n\t\t\t\r\n<script type=\"text\/javascript\">\r\n\t\r\n\t\tfunction do_resize(){\r\n\r\n\t\t\tvar width=jQuery( '.wpsm_panel .wpsm_panel-body iframe' ).width();\r\n\t\t\tvar height=jQuery( '.wpsm_panel .wpsm_panel-body iframe' ).height();\r\n\r\n\t\t\tvar toggleSize = true;\r\n\t\t\tjQuery('iframe').animate({\r\n\t\t\t    width: toggleSize ? width : 640,\r\n\t\t\t    height: toggleSize ? height : 360\r\n\t\t\t  }, 250);\r\n\r\n\t\t\t  toggleSize = !toggleSize;\r\n\t\t}\r\n\t\t\r\n<\/script>\t\n<\/div><\/div><div class=\"tdm_block td_block_wrap tdm_block_button tdi_14 tdm-content-horiz-center td-pb-border-top td_block_template_1\"  data-td-block-uid=\"tdi_14\"     >\n<style>\n\/* custom css - generated by TagDiv Composer *\/\n.tdm_block.tdm_block_button{\r\n                  margin-bottom: 0;\r\n                }.tdm_block.tdm_block_button .tds-button{\r\n                  line-height: 0;\r\n                }.tdm_block.tdm_block_button.tdm-block-button-inline{\r\n                  display: inline-block;\r\n                }.tdm_block.tdm_block_button.tdm-block-button-full,\r\n                .tdm_block.tdm_block_button.tdm-block-button-full .tdm-btn{\r\n                  display: block;\r\n                }.tdi_14 .tdm-btn-icon{\r\n                    position: relative;\r\n                    top: -1px;\r\n                }\n<\/style>\n<style>\n\/* custom css - generated by TagDiv Composer *\/\n.tdi_15 i{\r\n\t\t\t\t\tfont-size: 18px;\r\n\t\t\t\t}.tdi_15 .tdm-btn-icon:first-child{\r\n\t\t\t\t\tmargin-right: 14px;\r\n\t\t\t\t}\n<\/style><div class=\"tds-button td-fix-index\"><a \r\n                href=\"https:\/\/alume.org\/wp-content\/uploads\/2023\/06\/estatutos_20230613_092932.pdf\" \r\n                 title=\"Estatutos 2023\"\r\n                class=\"tds-button1 tdm-btn tdm-btn-lg tdi_15 \"  target=\"_blank\" ><i class=\"tdm-btn-icon tdc-font-fa tdc-font-fa-file-pdf-o\"><\/i><span class=\"tdm-btn-text\">Estatutos 2023<\/span><\/a><\/div><\/div><div class=\"wpb_wrapper td_block_empty_space td_block_wrap vc_empty_space tdi_17 \"  style=\"height: 32px\"><\/div><\/div><\/div><\/div><\/div><\/div><\/div>","protected":false},"excerpt":{"rendered":"","protected":false},"author":1,"featured_media":0,"parent":0,"menu_order":0,"comment_status":"closed","ping_status":"closed","template":"","meta":{"ngg_post_thumbnail":0,"footnotes":""},"class_list":["post-7721","page","type-page","status-publish"],"yoast_head":"<!-- This site is optimized with the Yoast SEO plugin v27.5 - https:\/\/yoast.com\/product\/yoast-seo-wordpress\/ -->\n<title>Estatutos - Alume<\/title>\n<meta name=\"robots\" content=\"index, follow, max-snippet:-1, max-image-preview:large, max-video-preview:-1\" \/>\n<link rel=\"canonical\" href=\"https:\/\/alume.org\/es\/estatutos\/\" \/>\n<meta property=\"og:locale\" content=\"es_ES\" \/>\n<meta property=\"og:type\" content=\"article\" \/>\n<meta property=\"og:title\" content=\"Estatutos - Alume\" \/>\n<meta property=\"og:url\" content=\"https:\/\/alume.org\/es\/estatutos\/\" \/>\n<meta property=\"og:site_name\" content=\"Alume\" \/>\n<meta property=\"article:modified_time\" content=\"2023-06-20T10:53:59+00:00\" \/>\n<meta name=\"twitter:card\" content=\"summary_large_image\" \/>\n<meta name=\"twitter:label1\" content=\"Tiempo de lectura\" \/>\n\t<meta name=\"twitter:data1\" content=\"11 minutos\" \/>\n<script type=\"application\/ld+json\" class=\"yoast-schema-graph\">{\"@context\":\"https:\\\/\\\/schema.org\",\"@graph\":[{\"@type\":\"WebPage\",\"@id\":\"https:\\\/\\\/alume.org\\\/es\\\/estatutos\\\/\",\"url\":\"https:\\\/\\\/alume.org\\\/es\\\/estatutos\\\/\",\"name\":\"Estatutos - Alume\",\"isPartOf\":{\"@id\":\"https:\\\/\\\/alume.org\\\/es\\\/#website\"},\"datePublished\":\"2015-10-07T16:37:13+00:00\",\"dateModified\":\"2023-06-20T10:53:59+00:00\",\"breadcrumb\":{\"@id\":\"https:\\\/\\\/alume.org\\\/es\\\/estatutos\\\/#breadcrumb\"},\"inLanguage\":\"es\",\"potentialAction\":[{\"@type\":\"ReadAction\",\"target\":[\"https:\\\/\\\/alume.org\\\/es\\\/estatutos\\\/\"]}]},{\"@type\":\"BreadcrumbList\",\"@id\":\"https:\\\/\\\/alume.org\\\/es\\\/estatutos\\\/#breadcrumb\",\"itemListElement\":[{\"@type\":\"ListItem\",\"position\":1,\"name\":\"Portada\",\"item\":\"https:\\\/\\\/alume.org\\\/es\\\/\"},{\"@type\":\"ListItem\",\"position\":2,\"name\":\"Estatutos\"}]},{\"@type\":\"WebSite\",\"@id\":\"https:\\\/\\\/alume.org\\\/es\\\/#website\",\"url\":\"https:\\\/\\\/alume.org\\\/es\\\/\",\"name\":\"Alume\",\"description\":\"Sa\u00fade Mental\",\"potentialAction\":[{\"@type\":\"SearchAction\",\"target\":{\"@type\":\"EntryPoint\",\"urlTemplate\":\"https:\\\/\\\/alume.org\\\/es\\\/?s={search_term_string}\"},\"query-input\":{\"@type\":\"PropertyValueSpecification\",\"valueRequired\":true,\"valueName\":\"search_term_string\"}}],\"inLanguage\":\"es\"}]}<\/script>\n<!-- \/ Yoast SEO plugin. -->","yoast_head_json":{"title":"Estatutos - Alume","robots":{"index":"index","follow":"follow","max-snippet":"max-snippet:-1","max-image-preview":"max-image-preview:large","max-video-preview":"max-video-preview:-1"},"canonical":"https:\/\/alume.org\/es\/estatutos\/","og_locale":"es_ES","og_type":"article","og_title":"Estatutos - Alume","og_url":"https:\/\/alume.org\/es\/estatutos\/","og_site_name":"Alume","article_modified_time":"2023-06-20T10:53:59+00:00","twitter_card":"summary_large_image","twitter_misc":{"Tiempo de lectura":"11 minutos"},"schema":{"@context":"https:\/\/schema.org","@graph":[{"@type":"WebPage","@id":"https:\/\/alume.org\/es\/estatutos\/","url":"https:\/\/alume.org\/es\/estatutos\/","name":"Estatutos - Alume","isPartOf":{"@id":"https:\/\/alume.org\/es\/#website"},"datePublished":"2015-10-07T16:37:13+00:00","dateModified":"2023-06-20T10:53:59+00:00","breadcrumb":{"@id":"https:\/\/alume.org\/es\/estatutos\/#breadcrumb"},"inLanguage":"es","potentialAction":[{"@type":"ReadAction","target":["https:\/\/alume.org\/es\/estatutos\/"]}]},{"@type":"BreadcrumbList","@id":"https:\/\/alume.org\/es\/estatutos\/#breadcrumb","itemListElement":[{"@type":"ListItem","position":1,"name":"Portada","item":"https:\/\/alume.org\/es\/"},{"@type":"ListItem","position":2,"name":"Estatutos"}]},{"@type":"WebSite","@id":"https:\/\/alume.org\/es\/#website","url":"https:\/\/alume.org\/es\/","name":"Alume","description":"Sa\u00fade Mental","potentialAction":[{"@type":"SearchAction","target":{"@type":"EntryPoint","urlTemplate":"https:\/\/alume.org\/es\/?s={search_term_string}"},"query-input":{"@type":"PropertyValueSpecification","valueRequired":true,"valueName":"search_term_string"}}],"inLanguage":"es"}]}},"_links":{"self":[{"href":"https:\/\/alume.org\/es\/wp-json\/wp\/v2\/pages\/7721","targetHints":{"allow":["GET"]}}],"collection":[{"href":"https:\/\/alume.org\/es\/wp-json\/wp\/v2\/pages"}],"about":[{"href":"https:\/\/alume.org\/es\/wp-json\/wp\/v2\/types\/page"}],"author":[{"embeddable":true,"href":"https:\/\/alume.org\/es\/wp-json\/wp\/v2\/users\/1"}],"replies":[{"embeddable":true,"href":"https:\/\/alume.org\/es\/wp-json\/wp\/v2\/comments?post=7721"}],"version-history":[{"count":7,"href":"https:\/\/alume.org\/es\/wp-json\/wp\/v2\/pages\/7721\/revisions"}],"predecessor-version":[{"id":8782,"href":"https:\/\/alume.org\/es\/wp-json\/wp\/v2\/pages\/7721\/revisions\/8782"}],"wp:attachment":[{"href":"https:\/\/alume.org\/es\/wp-json\/wp\/v2\/media?parent=7721"}],"curies":[{"name":"wp","href":"https:\/\/api.w.org\/{rel}","templated":true}]}}